{"id":466,"date":"2017-01-08T18:25:28","date_gmt":"2017-01-08T17:25:28","guid":{"rendered":"http:\/\/localhost:70\/caminosantiago\/fr\/?page_id=466"},"modified":"2022-10-06T18:21:00","modified_gmt":"2022-10-06T16:21:00","slug":"chemin-portugais","status":"publish","type":"page","link":"https:\/\/www.caminosantiagoacaballo.com\/fr\/chemin-portugais\/","title":{"rendered":"Chemin Portugais"},"content":{"rendered":"<p><center><iframe src=\"https:\/\/www.google.com\/maps\/d\/embed?mid=13_yiBiNC3jBXQrxY_wIN_91i454\" width=\"95%\" height=\"480\"><\/iframe><\/center>\t\t<\/p>\n<p>Des ponts, des chapelles rurales, des sanctuaires, des cruceiros (carrefours), des pazos (manoirs de campagne) et des villes historiques jalonnent un parcours qui commence sur les rives du fleuve Mi\u00f1o, dans la ville de Tui, et se termine devant le tombeau de Saint-Jacques. Le Chemin Portugais en Galice est un itin\u00e9raire d&rsquo;une remarquable \u00e9vidence monumentale, avec de fortes r\u00e9alit\u00e9s culturelles qui vont au-del\u00e0 des aspects architecturaux et mus\u00e9aux, pour signifier un espace privil\u00e9gi\u00e9 pour les promenades \u00e0 cheval entre amis. Si le p\u00e8lerin le souhaite, le Chemin portugais est \u00e9galement disponible \u00e0 partir de la ville de Braga.<\/p>\n<p><img fetchpriority=\"high\" decoding=\"async\" src=\"https:\/\/www.caminosantiagoacaballo.com\/wp-content\/uploads\/2022\/09\/camino-portugues-30.jpg\" alt=\"\" width=\"500\" height=\"373\"><\/p>\n<p>Tui est le point de d\u00e9part du Chemin portugais en Galice. En passant devant le Ponte das Febres, deux options s&rsquo;offrent \u00e0 vous : continuer sur le chemin qui d\u00e9bouche devant le pont, difficile \u00e0 traverser en hiver, ou prendre celui de gauche en faisant un petit d\u00e9tour. Les deux possibilit\u00e9s m\u00e8nent \u00e0 l&rsquo;endroit de A Madalena.<\/p>\n<p><img decoding=\"async\" src=\"https:\/\/www.caminosantiagoacaballo.com\/wp-content\/uploads\/2022\/09\/camino-portugues-2.jpg\" alt=\"\" width=\"500\" height=\"375\"><\/p>\n<p>En suivant la voie romaine, l&rsquo;itin\u00e9raire rejoint la N-550 et entre dans Redondela \u00e0 la hauteur du couvent de Vilavella. \u00c0 Redondela, la route traverse le centre du village o\u00f9 se trouve une auberge historique du XVIe si\u00e8cle appel\u00e9e \u00ab\u00a0Casa da Torre\u00a0\u00bb, l&rsquo;une des principales du Chemin portugais.<\/p>\n<p>En quittant Redondela, apr\u00e8s le pont ferroviaire, le chemin entre dans une for\u00eat en direction du village de Soutoxusto. Entour\u00e9s de pins, nous descendons par Sete fontes pour traverser Arcade, un endroit connu pour ses savoureux fruits de mer de l&rsquo;estuaire, que nous pouvons d\u00e9guster.<\/p>\n<p>Apr\u00e8s la mariscada, nous arrivons \u00e0 l&rsquo;historique Pontesampaio : le Camino traverse la rivi\u00e8re Verdugo sur le pont o\u00f9, pendant la guerre d&rsquo;ind\u00e9pendance, l&rsquo;une des plus grandes d\u00e9faites de l&rsquo;arm\u00e9e napol\u00e9onienne en Galice a eu lieu, aux mains du peuple arm\u00e9.<\/p>\n<p><img decoding=\"async\" src=\"https:\/\/www.caminosantiagoacaballo.com\/wp-content\/uploads\/2022\/09\/camino-portugues-31.jpg\" alt=\"\" width=\"500\" height=\"373\"><\/p>\n<p>Le Camino s&rsquo;approche de Pontevedra, laissant derri\u00e8re lui des endroits comme B\u00e9rtola. Apr\u00e8s avoir p\u00e9n\u00e9tr\u00e9 dans la ville, le Chemin des p\u00e8lerins m\u00e8ne imm\u00e9diatement \u00e0 la place Ferreira.<\/p>\n<p>Le Chemin quitte Pontevedra par la R\u00faa da Santi\u00f1a. En laissant une paisible ch\u00e2taigneraie \u00e0 droite de l&rsquo;itin\u00e9raire, la route est parall\u00e8le \u00e0 la voie ferr\u00e9e jusqu&rsquo;\u00e0 Pontecabras, puis continue pour atteindre l&rsquo;\u00e9glise et le presbyt\u00e8re de Santa Mar\u00eda de Alba parmi les pins et les eucalyptus.<\/p>\n<p><img loading=\"lazy\" decoding=\"async\" src=\"https:\/\/www.caminosantiagoacaballo.com\/wp-content\/uploads\/2022\/09\/camino-portugues-32.jpg\" alt=\"\" width=\"500\" height=\"373\"><\/p>\n<p>De l\u00e0, la route continue \u00e0 travers les villages de Casal de Eirixio et O Pino et entre dans des bois profonds qui passent, au milieu du murmure de l&rsquo;eau, pr\u00e8s d&rsquo;anciens moulins. Au moulin de Solleiros, le Chemin tourne doucement jusqu&rsquo;\u00e0 Valga, en continuant vers Padr\u00f3n dans la province de La Corogne.<\/p>\n<p><img loading=\"lazy\" decoding=\"async\" src=\"https:\/\/www.caminosantiagoacaballo.com\/wp-content\/uploads\/2022\/09\/camino-portugues-33.jpg\" alt=\"\" width=\"500\" height=\"373\"><\/p>\n<p>mains du peuple arm\u00e9. Les p\u00e8lerins peuvent faire une pause et se reposer \u00e0 Santiagui\u00f1o do Monte, un lieu dot\u00e9 d&rsquo;un beau point de vue, d&rsquo;une chapelle d\u00e9di\u00e9e \u00e0 Santiago et d&rsquo;un autel avec l&rsquo;image de Santiago sur quelques rochers.<\/p>\n<p>Une fois \u00e0 Santiago, l&rsquo;itin\u00e9raire entre sur la place de l&rsquo;Obradoiro, o\u00f9 se trouve la fa\u00e7ade principale de la basilique jacob\u00e9enne, dont l&rsquo;entr\u00e9e conduit le p\u00e8lerin au P\u00f3rtico de la Gloria (Portique de la Gloire). Une autre possibilit\u00e9 d&rsquo;acc\u00e9der \u00e0 l&rsquo;int\u00e9rieur de la basilique &#8211; pr\u00e9f\u00e9r\u00e9e des p\u00e8lerins &#8211; est de suivre la Calle Fonseca, qui longe l&rsquo;aile sud du clo\u00eetre, jusqu&rsquo;\u00e0 la Plaza de As Prater\u00edas, o\u00f9 se trouve la fa\u00e7ade sud de la cath\u00e9drale.<\/p>\n<p>Apr\u00e8s avoir visit\u00e9 la cath\u00e9drale et ses environs, nous vous transf\u00e9rerons \u00e0 l&rsquo;a\u00e9roport ou \u00e0 la gare o\u00f9 nos services prendront fin.<\/p>\n<p><img loading=\"lazy\" decoding=\"async\" src=\"https:\/\/www.caminosantiagoacaballo.com\/wp-content\/uploads\/2022\/09\/camino-portugues-6.jpg\" alt=\"\" width=\"500\" height=\"375\"><\/p>\n","protected":false},"excerpt":{"rendered":"<p>Des ponts, des chapelles rurales, des sanctuaires, des cruceiros (carrefours), des pazos (manoirs de campagne) et des villes historiques jalonnent un parcours qui commence sur les rives du fleuve Mi\u00f1o, dans la ville de Tui, et se termine devant le tombeau de Saint-Jacques. Le Chemin Portugais en Galice est un itin\u00e9raire d&rsquo;une remarquable \u00e9vidence monumentale, [&hellip;]<\/p>\n","protected":false},"author":1,"featured_media":0,"parent":0,"menu_order":0,"comment_status":"closed","ping_status":"closed","template":"","meta":{"_joinchat":[],"footnotes":""},"class_list":["post-466","page","type-page","status-publish","hentry"],"yoast_head":"<!-- This site is optimized with the Yoast SEO plugin v26.9 - https:\/\/yoast.com\/product\/yoast-seo-wordpress\/ -->\n<title>Le chemin portugais - Camino de Santiago \u00e0 cheval<\/title>\n<meta name=\"description\" content=\"Portugal, Braga, Tui, rivi\u00e8re, Mi\u00f1o, nous organisons des itin\u00e9raires \u00e0 cheval le long de la route fran\u00e7aise, portugaise, Via de la Plata, anglaise et autres options.\" \/>\n<meta name=\"robots\" content=\"index, follow, max-snippet:-1, max-image-preview:large, max-video-preview:-1\" \/>\n<link rel=\"canonical\" href=\"https:\/\/www.caminosantiagoacaballo.com\/fr\/chemin-portugais\/\" \/>\n<meta property=\"og:locale\" content=\"fr_FR\" \/>\n<meta property=\"og:type\" content=\"article\" \/>\n<meta property=\"og:title\" content=\"Le chemin portugais - Camino de Santiago \u00e0 cheval\" \/>\n<meta property=\"og:description\" content=\"Portugal, Braga, Tui, rivi\u00e8re, Mi\u00f1o, nous organisons des itin\u00e9raires \u00e0 cheval le long de la route fran\u00e7aise, portugaise, Via de la Plata, anglaise et autres options.\" \/>\n<meta property=\"og:url\" content=\"https:\/\/www.caminosantiagoacaballo.com\/fr\/chemin-portugais\/\" \/>\n<meta property=\"og:site_name\" content=\"Camino de Santiago a Caballo\" \/>\n<meta property=\"article:modified_time\" content=\"2022-10-06T16:21:00+00:00\" \/>\n<meta property=\"og:image\" content=\"https:\/\/www.caminosantiagoacaballo.com\/wp-content\/uploads\/2022\/09\/camino-portugues-30.jpg\" \/>\n<meta name=\"twitter:card\" content=\"summary_large_image\" \/>\n<script type=\"application\/ld+json\" class=\"yoast-schema-graph\">{\"@context\":\"https:\/\/schema.org\",\"@graph\":[{\"@type\":\"WebPage\",\"@id\":\"https:\/\/www.caminosantiagoacaballo.com\/fr\/chemin-portugais\/\",\"url\":\"https:\/\/www.caminosantiagoacaballo.com\/fr\/chemin-portugais\/\",\"name\":\"Le chemin portugais - Camino de Santiago \u00e0 cheval\",\"isPartOf\":{\"@id\":\"https:\/\/www.caminosantiagoacaballo.com\/fr\/#website\"},\"primaryImageOfPage\":{\"@id\":\"https:\/\/www.caminosantiagoacaballo.com\/fr\/chemin-portugais\/#primaryimage\"},\"image\":{\"@id\":\"https:\/\/www.caminosantiagoacaballo.com\/fr\/chemin-portugais\/#primaryimage\"},\"thumbnailUrl\":\"https:\/\/www.caminosantiagoacaballo.com\/wp-content\/uploads\/2022\/09\/camino-portugues-30.jpg\",\"datePublished\":\"2017-01-08T17:25:28+00:00\",\"dateModified\":\"2022-10-06T16:21:00+00:00\",\"description\":\"Portugal, Braga, Tui, rivi\u00e8re, Mi\u00f1o, nous organisons des itin\u00e9raires \u00e0 cheval le long de la route fran\u00e7aise, portugaise, Via de la Plata, anglaise et autres options.\",\"breadcrumb\":{\"@id\":\"https:\/\/www.caminosantiagoacaballo.com\/fr\/chemin-portugais\/#breadcrumb\"},\"inLanguage\":\"fr-FR\",\"potentialAction\":[{\"@type\":\"ReadAction\",\"target\":[\"https:\/\/www.caminosantiagoacaballo.com\/fr\/chemin-portugais\/\"]}]},{\"@type\":\"ImageObject\",\"inLanguage\":\"fr-FR\",\"@id\":\"https:\/\/www.caminosantiagoacaballo.com\/fr\/chemin-portugais\/#primaryimage\",\"url\":\"https:\/\/www.caminosantiagoacaballo.com\/wp-content\/uploads\/2022\/09\/camino-portugues-30.jpg\",\"contentUrl\":\"https:\/\/www.caminosantiagoacaballo.com\/wp-content\/uploads\/2022\/09\/camino-portugues-30.jpg\"},{\"@type\":\"BreadcrumbList\",\"@id\":\"https:\/\/www.caminosantiagoacaballo.com\/fr\/chemin-portugais\/#breadcrumb\",\"itemListElement\":[{\"@type\":\"ListItem\",\"position\":1,\"name\":\"Portada\",\"item\":\"https:\/\/www.caminosantiagoacaballo.com\/fr\/\"},{\"@type\":\"ListItem\",\"position\":2,\"name\":\"Chemin Portugais\"}]},{\"@type\":\"WebSite\",\"@id\":\"https:\/\/www.caminosantiagoacaballo.com\/fr\/#website\",\"url\":\"https:\/\/www.caminosantiagoacaballo.com\/fr\/\",\"name\":\"Camino de Santiago a Caballo\",\"description\":\"Realiza el Camino de Santiago con la mayor seguridad y comodidad a caballo\",\"publisher\":{\"@id\":\"https:\/\/www.caminosantiagoacaballo.com\/fr\/#organization\"},\"potentialAction\":[{\"@type\":\"SearchAction\",\"target\":{\"@type\":\"EntryPoint\",\"urlTemplate\":\"https:\/\/www.caminosantiagoacaballo.com\/fr\/?s={search_term_string}\"},\"query-input\":{\"@type\":\"PropertyValueSpecification\",\"valueRequired\":true,\"valueName\":\"search_term_string\"}}],\"inLanguage\":\"fr-FR\"},{\"@type\":\"Organization\",\"@id\":\"https:\/\/www.caminosantiagoacaballo.com\/fr\/#organization\",\"name\":\"Camino de Santiago a Caballo\",\"url\":\"https:\/\/www.caminosantiagoacaballo.com\/fr\/\",\"logo\":{\"@type\":\"ImageObject\",\"inLanguage\":\"fr-FR\",\"@id\":\"https:\/\/www.caminosantiagoacaballo.com\/fr\/#\/schema\/logo\/image\/\",\"url\":\"https:\/\/www.caminosantiagoacaballo.com\/wp-content\/uploads\/2022\/09\/camino-santiago-a-caballo-logo.jpg\",\"contentUrl\":\"https:\/\/www.caminosantiagoacaballo.com\/wp-content\/uploads\/2022\/09\/camino-santiago-a-caballo-logo.jpg\",\"width\":199,\"height\":180,\"caption\":\"Camino de Santiago a Caballo\"},\"image\":{\"@id\":\"https:\/\/www.caminosantiagoacaballo.com\/fr\/#\/schema\/logo\/image\/\"}}]}<\/script>\n<!-- \/ Yoast SEO plugin. -->","yoast_head_json":{"title":"Le chemin portugais - Camino de Santiago \u00e0 cheval","description":"Portugal, Braga, Tui, rivi\u00e8re, Mi\u00f1o, nous organisons des itin\u00e9raires \u00e0 cheval le long de la route fran\u00e7aise, portugaise, Via de la Plata, anglaise et autres options.","robots":{"index":"index","follow":"follow","max-snippet":"max-snippet:-1","max-image-preview":"max-image-preview:large","max-video-preview":"max-video-preview:-1"},"canonical":"https:\/\/www.caminosantiagoacaballo.com\/fr\/chemin-portugais\/","og_locale":"fr_FR","og_type":"article","og_title":"Le chemin portugais - Camino de Santiago \u00e0 cheval","og_description":"Portugal, Braga, Tui, rivi\u00e8re, Mi\u00f1o, nous organisons des itin\u00e9raires \u00e0 cheval le long de la route fran\u00e7aise, portugaise, Via de la Plata, anglaise et autres options.","og_url":"https:\/\/www.caminosantiagoacaballo.com\/fr\/chemin-portugais\/","og_site_name":"Camino de Santiago a Caballo","article_modified_time":"2022-10-06T16:21:00+00:00","og_image":[{"url":"https:\/\/www.caminosantiagoacaballo.com\/wp-content\/uploads\/2022\/09\/camino-portugues-30.jpg","type":"","width":"","height":""}],"twitter_card":"summary_large_image","schema":{"@context":"https:\/\/schema.org","@graph":[{"@type":"WebPage","@id":"https:\/\/www.caminosantiagoacaballo.com\/fr\/chemin-portugais\/","url":"https:\/\/www.caminosantiagoacaballo.com\/fr\/chemin-portugais\/","name":"Le chemin portugais - Camino de Santiago \u00e0 cheval","isPartOf":{"@id":"https:\/\/www.caminosantiagoacaballo.com\/fr\/#website"},"primaryImageOfPage":{"@id":"https:\/\/www.caminosantiagoacaballo.com\/fr\/chemin-portugais\/#primaryimage"},"image":{"@id":"https:\/\/www.caminosantiagoacaballo.com\/fr\/chemin-portugais\/#primaryimage"},"thumbnailUrl":"https:\/\/www.caminosantiagoacaballo.com\/wp-content\/uploads\/2022\/09\/camino-portugues-30.jpg","datePublished":"2017-01-08T17:25:28+00:00","dateModified":"2022-10-06T16:21:00+00:00","description":"Portugal, Braga, Tui, rivi\u00e8re, Mi\u00f1o, nous organisons des itin\u00e9raires \u00e0 cheval le long de la route fran\u00e7aise, portugaise, Via de la Plata, anglaise et autres options.","breadcrumb":{"@id":"https:\/\/www.caminosantiagoacaballo.com\/fr\/chemin-portugais\/#breadcrumb"},"inLanguage":"fr-FR","potentialAction":[{"@type":"ReadAction","target":["https:\/\/www.caminosantiagoacaballo.com\/fr\/chemin-portugais\/"]}]},{"@type":"ImageObject","inLanguage":"fr-FR","@id":"https:\/\/www.caminosantiagoacaballo.com\/fr\/chemin-portugais\/#primaryimage","url":"https:\/\/www.caminosantiagoacaballo.com\/wp-content\/uploads\/2022\/09\/camino-portugues-30.jpg","contentUrl":"https:\/\/www.caminosantiagoacaballo.com\/wp-content\/uploads\/2022\/09\/camino-portugues-30.jpg"},{"@type":"BreadcrumbList","@id":"https:\/\/www.caminosantiagoacaballo.com\/fr\/chemin-portugais\/#breadcrumb","itemListElement":[{"@type":"ListItem","position":1,"name":"Portada","item":"https:\/\/www.caminosantiagoacaballo.com\/fr\/"},{"@type":"ListItem","position":2,"name":"Chemin Portugais"}]},{"@type":"WebSite","@id":"https:\/\/www.caminosantiagoacaballo.com\/fr\/#website","url":"https:\/\/www.caminosantiagoacaballo.com\/fr\/","name":"Camino de Santiago a Caballo","description":"Realiza el Camino de Santiago con la mayor seguridad y comodidad a caballo","publisher":{"@id":"https:\/\/www.caminosantiagoacaballo.com\/fr\/#organization"},"potentialAction":[{"@type":"SearchAction","target":{"@type":"EntryPoint","urlTemplate":"https:\/\/www.caminosantiagoacaballo.com\/fr\/?s={search_term_string}"},"query-input":{"@type":"PropertyValueSpecification","valueRequired":true,"valueName":"search_term_string"}}],"inLanguage":"fr-FR"},{"@type":"Organization","@id":"https:\/\/www.caminosantiagoacaballo.com\/fr\/#organization","name":"Camino de Santiago a Caballo","url":"https:\/\/www.caminosantiagoacaballo.com\/fr\/","logo":{"@type":"ImageObject","inLanguage":"fr-FR","@id":"https:\/\/www.caminosantiagoacaballo.com\/fr\/#\/schema\/logo\/image\/","url":"https:\/\/www.caminosantiagoacaballo.com\/wp-content\/uploads\/2022\/09\/camino-santiago-a-caballo-logo.jpg","contentUrl":"https:\/\/www.caminosantiagoacaballo.com\/wp-content\/uploads\/2022\/09\/camino-santiago-a-caballo-logo.jpg","width":199,"height":180,"caption":"Camino de Santiago a Caballo"},"image":{"@id":"https:\/\/www.caminosantiagoacaballo.com\/fr\/#\/schema\/logo\/image\/"}}]}},"publishpress_future_workflow_manual_trigger":{"enabledWorkflows":[]},"_links":{"self":[{"href":"https:\/\/www.caminosantiagoacaballo.com\/fr\/wp-json\/wp\/v2\/pages\/466","targetHints":{"allow":["GET"]}}],"collection":[{"href":"https:\/\/www.caminosantiagoacaballo.com\/fr\/wp-json\/wp\/v2\/pages"}],"about":[{"href":"https:\/\/www.caminosantiagoacaballo.com\/fr\/wp-json\/wp\/v2\/types\/page"}],"author":[{"embeddable":true,"href":"https:\/\/www.caminosantiagoacaballo.com\/fr\/wp-json\/wp\/v2\/users\/1"}],"replies":[{"embeddable":true,"href":"https:\/\/www.caminosantiagoacaballo.com\/fr\/wp-json\/wp\/v2\/comments?post=466"}],"version-history":[{"count":0,"href":"https:\/\/www.caminosantiagoacaballo.com\/fr\/wp-json\/wp\/v2\/pages\/466\/revisions"}],"wp:attachment":[{"href":"https:\/\/www.caminosantiagoacaballo.com\/fr\/wp-json\/wp\/v2\/media?parent=466"}],"curies":[{"name":"wp","href":"https:\/\/api.w.org\/{rel}","templated":true}]}}