{"id":1175,"date":"2016-10-17T16:09:45","date_gmt":"2016-10-17T14:09:45","guid":{"rendered":"http:\/\/caminosantiagoacaballo.com\/2016\/fr\/fechas-y-precios-para-el-2017\/"},"modified":"2024-10-23T15:22:50","modified_gmt":"2024-10-23T13:22:50","slug":"dates-et-prix-2022","status":"publish","type":"page","link":"https:\/\/www.caminosantiagoacaballo.com\/fr\/dates-et-prix-2022\/","title":{"rendered":"Dates et prix 20 pour 20 22"},"content":{"rendered":"<p>&nbsp;<\/p>\n<h2 class=\"Estilo1\" style=\"text-align: left;\" align=\"center\">FRENCH WAY<\/h2>\n<ul>\n<li>21 MARS &#8211; 26 MARS<\/li>\n<li>01 AVRIL &#8211; 29 AVRIL<\/li>\n<\/ul>\n<p>&nbsp;<\/p>\n<p align=\"left\"><b><u>Depuis d&rsquo;autres points de d\u00e9part : consultez les dates et les prix.<\/u><\/b><\/p>\n<p align=\"left\"><img decoding=\"async\" src=\"http:\/\/caminosantiagoacaballo.com\/images\/layout\/fechas_clip_image009.gif\" alt=\"DD\" width=\"25\" height=\"14\"><strong class=\"destacado2\"><u>Prix \/ Personne \u00e0 cheval :<\/u><\/strong><\/p>\n<ul>\n<li><strong class=\"destacado2\">au d\u00e9part de Sarria<\/strong> (6 JOURS &#8211; 5 NUITS) <span class=\"destacadoprecios\"><br \/>\n  <u>1.650 \u20ac<\/u><br \/>\n<\/span><\/li>\n<li><strong class=\"destacado2\">au d\u00e9part de O Cebreiro<\/strong> (7 JOURS &#8211; 6 NUITS) <span class=\"destacadoprecios\"><br \/>\n  <u>1.875\u20ac<\/u><br \/>\n<\/span><\/li>\n<li><strong class=\"destacado2\">au d\u00e9part d&rsquo;Astorga<\/strong> (10 JOURS &#8211; 9 NUITS) <span class=\"destacadoprecios\"><br \/>\n  <u>2.900 \u20ac<\/u><br \/>\n<\/span><\/li>\n<li><strong class=\"destacado2\">de Le\u00f3n<\/strong>  <span style=\"text-decoration: underline;\"><br \/>\n  <span class=\"destacadoprecios\">3.600 \u20ac<\/span><br \/>\n<\/span><\/li>\n<li><strong class=\"destacado2\">de Burgos<\/strong>  <span style=\"text-decoration: underline;\"><br \/>\n  <span class=\"destacadoprecios\">5.100 \u20ac<\/span><br \/>\n<\/span><\/li>\n<li><strong class=\"destacado2\">de Logro\u00f1o<\/strong> (22 JOURS &#8211; 21 NUITS) <span style=\"text-decoration: underline;\"><br \/>\n  <span class=\"destacadoprecios\">6.250\u20ac<\/span><br \/>\n<\/span><\/li>\n<li><strong class=\"destacado2\">de Pamplona<\/strong>  <span style=\"text-decoration: underline;\"><br \/>\n  <span class=\"destacadoprecios\">6.500 \u20ac<\/span><br \/>\n<\/span><\/li>\n<li><strong class=\"destacado2\">de Roncesvalles<\/strong> (29 JOURS &#8211; 28 NUITS) <span style=\"text-decoration: underline;\"><br \/>\n  <span class=\"destacadoprecios\">8.300 \u20ac<\/span><br \/>\n<\/span><\/li>\n<li><strong class=\"destacado2\">Route vers Finisterre <\/strong>(6 JOURS &#8211; 5 NUITS) <span class=\"destacadoprecios\"><br \/>\n  <u>1.650 \u20ac<\/u><br \/>\n<\/span><\/li>\n<li>  (5 JOURS &#8211; 4 NUITS) <span class=\"destacadoprecios\"><br \/>\n  <u>1.400 \u20ac<\/u><br \/>\n<\/span><\/li>\n<li><strong class=\"destacado2\">Route vers Finisterre (continuation de la route pr\u00e9c\u00e9dente) <\/strong>(4 JOURS &#8211; 3 NUITS) <span class=\"destacadoprecios\"><br \/>\n  <u>1.200 \u20ac<\/u><br \/>\n<\/span><\/li>\n<\/ul>\n<p>&nbsp;<\/p>\n<h2 class=\"Estilo1\" style=\"text-align: left;\" align=\"center\">VOIE PORTUGAISE<\/h2>\n<ul>\n<li><\/li>\n<li>08 MAI &#8211; 15 MAI<\/li>\n<\/ul>\n<p>&nbsp;<\/p>\n<p align=\"left\"><b><u>Depuis d&rsquo;autres points de d\u00e9part : consultez les dates et les prix.<\/u><\/b><\/p>\n<p align=\"left\"><img decoding=\"async\" src=\"http:\/\/caminosantiagoacaballo.com\/images\/layout\/fechas_clip_image009.gif\" alt=\"DD\" width=\"25\" height=\"14\"><strong class=\"destacado2\"><u>Prix \/ Personne \u00e0 cheval :<\/u><\/strong><\/p>\n<ul>\n<li style=\"text-align: left;\"><strong class=\"destacado2\">de Pontevedra<\/strong> (4 JOURS &#8211; 3 NUITS) <span class=\"destacadoprecios\"><br \/>\n  <u>1.200 \u20ac<\/u><br \/>\n<\/span><\/li>\n<li style=\"text-align: left;\"><strong class=\"destacado2\">\u00e0 partir de Redondela<\/strong> (5 JOURS &#8211; 4 NUITS) <span class=\"destacadoprecios\"><br \/>\n  <u>1.500 \u20ac<\/u><br \/>\n<\/span><\/li>\n<li style=\"text-align: left;\"><strong class=\"destacado2\">au d\u00e9part de Tui<\/strong> (6 JOURS &#8211; 5 NUITS) <span class=\"destacadoprecios\"><br \/>\n  <u>1.750\u20ac<\/u><br \/>\n<\/span><\/li>\n<li style=\"text-align: left;\"><strong class=\"destacado2\">de Ponte de Lima<\/strong> (7 JOURS &#8211; 6 NUITS) <span class=\"destacadoprecios\"><br \/>\n  <u>2.000 \u20ac<\/u><br \/>\n<\/span><\/li>\n<li style=\"text-align: left;\"><strong class=\"destacado2\">au d\u00e9part de Barcelos<\/strong> (8 JOURS &#8211; 7 NUITS) <span class=\"destacadoprecios\"><br \/>\n  <u>2.300 \u20ac<\/u><br \/>\n<\/span><\/li>\n<li style=\"text-align: left;\"><strong class=\"destacado2\">de Viana do Castelo pola costa ( <\/strong>12 JOURS &#8211; 11 NUITS) <span class=\"destacadoprecios\"><br \/>\n  <u>3.600 \u20ac<\/u><br \/>\n<\/span><\/li>\n<li style=\"text-align: left;\"><strong class=\"destacado2\">au d\u00e9part de Porto<\/strong> (10 JOURS &#8211; 9 NUITS) <span class=\"destacadoprecios\"><br \/>\n  <u>3.000 \u20ac<\/u><br \/>\n<\/span><\/li>\n<\/ul>\n<p>&nbsp;<\/p>\n<h2 class=\"Estilo1\" style=\"text-align: left;\" align=\"center\">CHEMIN DU NORD<\/h2>\n<div class=\"textos\" align=\"center\">\n<p align=\"left\"><b><u>Depuis d&rsquo;autres points de d\u00e9part : consultez les dates et les prix.<\/u><\/b><\/p>\n<p align=\"left\"><img decoding=\"async\" src=\"http:\/\/caminosantiagoacaballo.com\/images\/layout\/fechas_clip_image009.gif\" alt=\"DD\" width=\"25\" height=\"14\"><strong class=\"destacado2\"><u>Prix \/ Personne \u00e0 cheval :<\/u><\/strong><\/p>\n<ul>\n<li>\n<div align=\"left\">\n<div align=\"left\"><strong class=\"destacado2\">au d\u00e9part d&rsquo;Abad\u00edn<\/strong> (7 JOURS &#8211; 6 NUITS) <span class=\"destacadoprecios\"><br \/>\n  <u>2.100 \u20ac<\/u><br \/>\n<\/span><\/div>\n<\/div>\n<\/li>\n<li>\n<div align=\"left\">\n<div align=\"left\"><strong class=\"destacado2\">au d\u00e9part de Mondo\u00f1edo <\/strong>(8 JOURS &#8211; 7 NUITS) <span class=\"destacadoprecios\"><br \/>\n  <u>2.400 \u20ac<\/u><br \/>\n<\/span><\/div>\n<\/div>\n<\/li>\n<li>\n<div align=\"left\"><strong class=\"destacado2\">au d\u00e9part de Ribadeo <\/strong>(9 JOURS &#8211; 8 NUITS) <span class=\"destacadoprecios\"><br \/>\n  <u>2.700 \u20ac<\/u><br \/>\n<\/span><\/div>\n<\/li>\n<li>\n<div align=\"left\"><strong class=\"destacado2\">\u00e0 partir de Vegadeo <\/strong>(9 JOURS &#8211; 8 NUITS) <span class=\"destacadoprecios\"><br \/>\n  <u>2.700 \u20ac<\/u><br \/>\n<\/span><\/div>\n<\/li>\n<li>\n<div align=\"left\"><strong class=\"destacado2\">au d\u00e9part de Luarca <\/strong>(10 JOURS &#8211; 9 NUITS) <span class=\"destacadoprecios\"><br \/>\n  <u>3.000 \u20ac<\/u><br \/>\n<\/span><\/div>\n<\/li>\n<\/ul>\n<\/div>\n<p>&nbsp;<\/p>\n<h2 class=\"Estilo1\" style=\"text-align: left;\" align=\"center\">ROUTE DE LA MER<\/h2>\n<ul>\n<li>03 MAI &#8211; 08 MAI<\/li>\n<li>08 MAI &#8211; 15 MAI<\/li>\n<\/ul>\n<p>&nbsp;<\/p>\n<div class=\"textos\" style=\"text-align: justify;\" align=\"center\"><b style=\"text-align: left;\"><u>Depuis d&rsquo;autres points de d\u00e9part : consultez les dates et les prix.<\/u><\/b><\/div>\n<div class=\"textos\" align=\"center\">\n<p style=\"text-align: left;\"><img decoding=\"async\" src=\"http:\/\/caminosantiagoacaballo.com\/images\/layout\/fechas_clip_image009.gif\" width=\"25\" height=\"14\"><strong class=\"destacado2\"><u>Prix \/ Personne \u00e0 cheval :<\/u><\/strong><\/p>\n<ul>\n<li style=\"text-align: left;\"><strong class=\"destacado2\">de Pontevedra le long de la c\u00f4te <\/strong>(6 JOURS &#8211; 5 NUITS) <span class=\"destacadoprecios\"><br \/>\n  <u>1.800 \u20ac<\/u><br \/>\n<\/span><\/li>\n<li style=\"text-align: left;\"><strong class=\"destacado2\">au d\u00e9part de Vigo <\/strong>(7 JOURS &#8211; 6 NUITS ) <span class=\"destacadoprecios\"><br \/>\n  <u>2.100 \u20ac<\/u><br \/>\n<\/span><\/li>\n<li style=\"text-align: left;\"><strong class=\"destacado2\">au d\u00e9part de Baiona <\/strong>(9 JOURS &#8211; 8 NUITS) <span class=\"destacadoprecios\"><br \/>\n  <u>2.700 \u20ac<\/u><br \/>\n<\/span><\/li>\n<li style=\"text-align: left;\"><strong class=\"destacado2\">de A Guardia <\/strong>(10 JOURS &#8211; 9 NUITS) <span class=\"destacadoprecios\"><br \/>\n  <u>3.000 \u20ac<\/u><br \/>\n<\/span><\/li>\n<\/ul>\n<\/div>\n<p>&nbsp;<\/p>\n<h2 class=\"Estilo1\" style=\"text-align: left;\" align=\"center\">ROUTE PRIMITIVE<\/h2>\n<p align=\"left\"><b><u>Depuis d&rsquo;autres points de d\u00e9part : consultez les dates et les prix.<\/u><\/b><\/p>\n<p><img decoding=\"async\" src=\"http:\/\/caminosantiagoacaballo.com\/images\/layout\/fechas_clip_image009.gif\" width=\"25\" height=\"14\"><strong class=\"destacado2\"><u>Prix \/ Personne \u00e0 cheval :<\/u><\/strong><\/p>\n<ul>\n<li><strong class=\"destacado2\">de Pola de Allande<\/strong> (10 JOURS &#8211; 9 NUITS) <span class=\"destacadoprecios\"><br \/>\n  <u>3.000<\/u><br \/>\n<\/span><span class=\"destacadoprecios\"><br \/>\n  <u>\u20ac<\/u><br \/>\n<\/span><\/li>\n<li><strong class=\"destacado2\">depuis Oviedo <\/strong>(14 JOURS &#8211; 13 NUITS) <span class=\"destacadoprecios\"><br \/>\n  <u>4.200\u20ac<\/u><br \/>\n<\/span><\/li>\n<\/ul>\n<p>&nbsp;<\/p>\n<h2 class=\"Estilo1\" style=\"text-align: left;\" align=\"center\">FINISTERRE<\/h2>\n<p align=\"left\"><b><u>Consulter les dates<\/u><\/b><\/p>\n<p>Pour compl\u00e9ter l&rsquo;itin\u00e9raire, n&rsquo;importe laquelle des routes mentionn\u00e9es ici peut \u00eatre poursuivie jusqu&rsquo;\u00e0 Fisterra pendant 4 jours. (1.200\u20ac)<\/p>\n<p><img decoding=\"async\" src=\"http:\/\/caminosantiagoacaballo.com\/images\/layout\/fechas_clip_image009.gif\" alt=\"s\" width=\"25\" height=\"14\"><strong class=\"destacado2\"><u>Prix \/ Personne \u00e0 cheval :<\/u><\/strong><\/p>\n<ul>\n<li><strong class=\"destacado2\">Route vers Finisterre <\/strong>(6 JOURS &#8211; 5 NUITS) <u><\/u><span class=\"destacadoprecios\"><br \/>\n  <u>1.750\u20ac<\/u><br \/>\n<\/span><\/li>\n<li><strong class=\"destacado2\">Route vers Finisterre <\/strong>(5 JOURS &#8211; 4 NUITS) <span class=\"destacadoprecios\"><br \/>\n  <u>1.500 \u20ac<\/u><br \/>\n<\/span><\/li>\n<li><strong class=\"destacado2\">Route vers Finisterre (continuation de la route pr\u00e9c\u00e9dente) <\/strong>(4 JOURS &#8211; 3 NUITS) <span class=\"destacadoprecios\"><br \/>\n  <u>1.200 \u20ac<\/u><br \/>\n<\/span><\/li>\n<\/ul>\n<p><span class=\"destacadoprecios\"><u>Pour les autres itin\u00e9raires : consultez les dates et les prix.<\/u><\/span><\/p>\n<p><strong><a href=\"#\">CLIQUEZ ICI POUR VOIR LES CONDITIONS<\/a><\/strong><\/p>\n<p><span class=\"destacadoprecios\"><u>NOTES IMPORTANTES<\/u><u><\/u><\/span><\/p>\n<ul>\n<li>Tous nos itin\u00e9raires peuvent se terminer \u00e0 la Plaza del Obradoiro (cath\u00e9drale), o\u00f9 vous pourrez la visiter \u00e0 cheval.<\/li>\n<li>Possibilit\u00e9 de se joindre \u00e0 diff\u00e9rents points du parcours.<\/li>\n<li><span dir=\"ltr\">Nos services d\u00e9buteront \u00e0 16 heures le premier jour au point de rencontre de votre choix. (a\u00e9roports, gares routi\u00e8res ou ferroviaires&#8230;)<\/span><\/li>\n<li><span dir=\"ltr\">La liste de prix ci-dessus s&rsquo;applique aux groupes d&rsquo;un minimum de 4 personnes.<\/span><\/li>\n<li>Avec un minimum de 2 p\u00e8lerins, un groupe peut \u00eatre ouvert, avec la possibilit\u00e9 d&rsquo;augmenter le nombre entre 2 et 20 utilisateurs.<\/li>\n<li><span dir=\"ltr\">Les services prendront fin le dernier jour apr\u00e8s le petit-d\u00e9jeuner et le transfert au point de rencontre si vous revenez le m\u00eame<\/span> jour.<\/li>\n<li><span dir=\"ltr\">Le suppl\u00e9ment correspondant sera appliqu\u00e9 pour les chambres doubles \u00e0 usage individuel.<\/span><\/li>\n<li>Prix pour les personnes accompagnantes, \u00e0 pied ou en voiture d&rsquo;assistance, veuillez nous consulter.<\/li>\n<\/ul>\n","protected":false},"excerpt":{"rendered":"<p>&nbsp; FRENCH WAY 21 MARS &#8211; 26 MARS 01 AVRIL &#8211; 29 AVRIL &nbsp; Depuis d&rsquo;autres points de d\u00e9part : consultez les dates et les prix. Prix \/ Personne \u00e0 cheval : au d\u00e9part de Sarria (6 JOURS &#8211; 5 NUITS) 1.650 \u20ac au d\u00e9part de O Cebreiro (7 JOURS &#8211; 6 NUITS) 1.875\u20ac au [&hellip;]<\/p>\n","protected":false},"author":1,"featured_media":0,"parent":0,"menu_order":0,"comment_status":"closed","ping_status":"closed","template":"","meta":{"_joinchat":[],"footnotes":""},"class_list":["post-1175","page","type-page","status-publish","hentry"],"yoast_head":"<!-- This site is optimized with the Yoast SEO plugin v26.9 - https:\/\/yoast.com\/product\/yoast-seo-wordpress\/ -->\n<title>Dates et prix - Camino de Santiago a Caballo<\/title>\n<meta name=\"description\" content=\"Nous organisons l&#039;\u00e9quitation sur le Camino de Santiago fran\u00e7ais, portugais, via de la plata, anglais et autres options.\" \/>\n<meta name=\"robots\" content=\"index, follow, max-snippet:-1, max-image-preview:large, max-video-preview:-1\" \/>\n<link rel=\"canonical\" href=\"https:\/\/www.caminosantiagoacaballo.com\/fr\/dates-et-prix-2022\/\" \/>\n<meta property=\"og:locale\" content=\"fr_FR\" \/>\n<meta property=\"og:type\" content=\"article\" \/>\n<meta property=\"og:title\" content=\"Dates et prix - Camino de Santiago a Caballo\" \/>\n<meta property=\"og:description\" content=\"Nous organisons l&#039;\u00e9quitation sur le Camino de Santiago fran\u00e7ais, portugais, via de la plata, anglais et autres options.\" \/>\n<meta property=\"og:url\" content=\"https:\/\/www.caminosantiagoacaballo.com\/fr\/dates-et-prix-2022\/\" \/>\n<meta property=\"og:site_name\" content=\"Camino de Santiago a Caballo\" \/>\n<meta property=\"article:modified_time\" content=\"2024-10-23T13:22:50+00:00\" \/>\n<meta property=\"og:image\" content=\"http:\/\/caminosantiagoacaballo.com\/images\/layout\/fechas_clip_image009.gif\" \/>\n<meta name=\"twitter:card\" content=\"summary_large_image\" \/>\n<script type=\"application\/ld+json\" class=\"yoast-schema-graph\">{\"@context\":\"https:\/\/schema.org\",\"@graph\":[{\"@type\":\"WebPage\",\"@id\":\"https:\/\/www.caminosantiagoacaballo.com\/fr\/dates-et-prix-2022\/\",\"url\":\"https:\/\/www.caminosantiagoacaballo.com\/fr\/dates-et-prix-2022\/\",\"name\":\"Dates et prix - Camino de Santiago a Caballo\",\"isPartOf\":{\"@id\":\"https:\/\/www.caminosantiagoacaballo.com\/fr\/#website\"},\"primaryImageOfPage\":{\"@id\":\"https:\/\/www.caminosantiagoacaballo.com\/fr\/dates-et-prix-2022\/#primaryimage\"},\"image\":{\"@id\":\"https:\/\/www.caminosantiagoacaballo.com\/fr\/dates-et-prix-2022\/#primaryimage\"},\"thumbnailUrl\":\"http:\/\/caminosantiagoacaballo.com\/images\/layout\/fechas_clip_image009.gif\",\"datePublished\":\"2016-10-17T14:09:45+00:00\",\"dateModified\":\"2024-10-23T13:22:50+00:00\",\"description\":\"Nous organisons l'\u00e9quitation sur le Camino de Santiago fran\u00e7ais, portugais, via de la plata, anglais et autres options.\",\"breadcrumb\":{\"@id\":\"https:\/\/www.caminosantiagoacaballo.com\/fr\/dates-et-prix-2022\/#breadcrumb\"},\"inLanguage\":\"fr-FR\",\"potentialAction\":[{\"@type\":\"ReadAction\",\"target\":[\"https:\/\/www.caminosantiagoacaballo.com\/fr\/dates-et-prix-2022\/\"]}]},{\"@type\":\"ImageObject\",\"inLanguage\":\"fr-FR\",\"@id\":\"https:\/\/www.caminosantiagoacaballo.com\/fr\/dates-et-prix-2022\/#primaryimage\",\"url\":\"http:\/\/caminosantiagoacaballo.com\/images\/layout\/fechas_clip_image009.gif\",\"contentUrl\":\"http:\/\/caminosantiagoacaballo.com\/images\/layout\/fechas_clip_image009.gif\"},{\"@type\":\"BreadcrumbList\",\"@id\":\"https:\/\/www.caminosantiagoacaballo.com\/fr\/dates-et-prix-2022\/#breadcrumb\",\"itemListElement\":[{\"@type\":\"ListItem\",\"position\":1,\"name\":\"Portada\",\"item\":\"https:\/\/www.caminosantiagoacaballo.com\/fr\/\"},{\"@type\":\"ListItem\",\"position\":2,\"name\":\"Dates et prix 20 pour 20 22\"}]},{\"@type\":\"WebSite\",\"@id\":\"https:\/\/www.caminosantiagoacaballo.com\/fr\/#website\",\"url\":\"https:\/\/www.caminosantiagoacaballo.com\/fr\/\",\"name\":\"Camino de Santiago a Caballo\",\"description\":\"Realiza el Camino de Santiago con la mayor seguridad y comodidad a caballo\",\"publisher\":{\"@id\":\"https:\/\/www.caminosantiagoacaballo.com\/fr\/#organization\"},\"potentialAction\":[{\"@type\":\"SearchAction\",\"target\":{\"@type\":\"EntryPoint\",\"urlTemplate\":\"https:\/\/www.caminosantiagoacaballo.com\/fr\/?s={search_term_string}\"},\"query-input\":{\"@type\":\"PropertyValueSpecification\",\"valueRequired\":true,\"valueName\":\"search_term_string\"}}],\"inLanguage\":\"fr-FR\"},{\"@type\":\"Organization\",\"@id\":\"https:\/\/www.caminosantiagoacaballo.com\/fr\/#organization\",\"name\":\"Camino de Santiago a Caballo\",\"url\":\"https:\/\/www.caminosantiagoacaballo.com\/fr\/\",\"logo\":{\"@type\":\"ImageObject\",\"inLanguage\":\"fr-FR\",\"@id\":\"https:\/\/www.caminosantiagoacaballo.com\/fr\/#\/schema\/logo\/image\/\",\"url\":\"https:\/\/www.caminosantiagoacaballo.com\/wp-content\/uploads\/2022\/09\/camino-santiago-a-caballo-logo.jpg\",\"contentUrl\":\"https:\/\/www.caminosantiagoacaballo.com\/wp-content\/uploads\/2022\/09\/camino-santiago-a-caballo-logo.jpg\",\"width\":199,\"height\":180,\"caption\":\"Camino de Santiago a Caballo\"},\"image\":{\"@id\":\"https:\/\/www.caminosantiagoacaballo.com\/fr\/#\/schema\/logo\/image\/\"}}]}<\/script>\n<!-- \/ Yoast SEO plugin. -->","yoast_head_json":{"title":"Dates et prix - Camino de Santiago a Caballo","description":"Nous organisons l'\u00e9quitation sur le Camino de Santiago fran\u00e7ais, portugais, via de la plata, anglais et autres options.","robots":{"index":"index","follow":"follow","max-snippet":"max-snippet:-1","max-image-preview":"max-image-preview:large","max-video-preview":"max-video-preview:-1"},"canonical":"https:\/\/www.caminosantiagoacaballo.com\/fr\/dates-et-prix-2022\/","og_locale":"fr_FR","og_type":"article","og_title":"Dates et prix - Camino de Santiago a Caballo","og_description":"Nous organisons l'\u00e9quitation sur le Camino de Santiago fran\u00e7ais, portugais, via de la plata, anglais et autres options.","og_url":"https:\/\/www.caminosantiagoacaballo.com\/fr\/dates-et-prix-2022\/","og_site_name":"Camino de Santiago a Caballo","article_modified_time":"2024-10-23T13:22:50+00:00","og_image":[{"url":"http:\/\/caminosantiagoacaballo.com\/images\/layout\/fechas_clip_image009.gif","type":"","width":"","height":""}],"twitter_card":"summary_large_image","schema":{"@context":"https:\/\/schema.org","@graph":[{"@type":"WebPage","@id":"https:\/\/www.caminosantiagoacaballo.com\/fr\/dates-et-prix-2022\/","url":"https:\/\/www.caminosantiagoacaballo.com\/fr\/dates-et-prix-2022\/","name":"Dates et prix - Camino de Santiago a Caballo","isPartOf":{"@id":"https:\/\/www.caminosantiagoacaballo.com\/fr\/#website"},"primaryImageOfPage":{"@id":"https:\/\/www.caminosantiagoacaballo.com\/fr\/dates-et-prix-2022\/#primaryimage"},"image":{"@id":"https:\/\/www.caminosantiagoacaballo.com\/fr\/dates-et-prix-2022\/#primaryimage"},"thumbnailUrl":"http:\/\/caminosantiagoacaballo.com\/images\/layout\/fechas_clip_image009.gif","datePublished":"2016-10-17T14:09:45+00:00","dateModified":"2024-10-23T13:22:50+00:00","description":"Nous organisons l'\u00e9quitation sur le Camino de Santiago fran\u00e7ais, portugais, via de la plata, anglais et autres options.","breadcrumb":{"@id":"https:\/\/www.caminosantiagoacaballo.com\/fr\/dates-et-prix-2022\/#breadcrumb"},"inLanguage":"fr-FR","potentialAction":[{"@type":"ReadAction","target":["https:\/\/www.caminosantiagoacaballo.com\/fr\/dates-et-prix-2022\/"]}]},{"@type":"ImageObject","inLanguage":"fr-FR","@id":"https:\/\/www.caminosantiagoacaballo.com\/fr\/dates-et-prix-2022\/#primaryimage","url":"http:\/\/caminosantiagoacaballo.com\/images\/layout\/fechas_clip_image009.gif","contentUrl":"http:\/\/caminosantiagoacaballo.com\/images\/layout\/fechas_clip_image009.gif"},{"@type":"BreadcrumbList","@id":"https:\/\/www.caminosantiagoacaballo.com\/fr\/dates-et-prix-2022\/#breadcrumb","itemListElement":[{"@type":"ListItem","position":1,"name":"Portada","item":"https:\/\/www.caminosantiagoacaballo.com\/fr\/"},{"@type":"ListItem","position":2,"name":"Dates et prix 20 pour 20 22"}]},{"@type":"WebSite","@id":"https:\/\/www.caminosantiagoacaballo.com\/fr\/#website","url":"https:\/\/www.caminosantiagoacaballo.com\/fr\/","name":"Camino de Santiago a Caballo","description":"Realiza el Camino de Santiago con la mayor seguridad y comodidad a caballo","publisher":{"@id":"https:\/\/www.caminosantiagoacaballo.com\/fr\/#organization"},"potentialAction":[{"@type":"SearchAction","target":{"@type":"EntryPoint","urlTemplate":"https:\/\/www.caminosantiagoacaballo.com\/fr\/?s={search_term_string}"},"query-input":{"@type":"PropertyValueSpecification","valueRequired":true,"valueName":"search_term_string"}}],"inLanguage":"fr-FR"},{"@type":"Organization","@id":"https:\/\/www.caminosantiagoacaballo.com\/fr\/#organization","name":"Camino de Santiago a Caballo","url":"https:\/\/www.caminosantiagoacaballo.com\/fr\/","logo":{"@type":"ImageObject","inLanguage":"fr-FR","@id":"https:\/\/www.caminosantiagoacaballo.com\/fr\/#\/schema\/logo\/image\/","url":"https:\/\/www.caminosantiagoacaballo.com\/wp-content\/uploads\/2022\/09\/camino-santiago-a-caballo-logo.jpg","contentUrl":"https:\/\/www.caminosantiagoacaballo.com\/wp-content\/uploads\/2022\/09\/camino-santiago-a-caballo-logo.jpg","width":199,"height":180,"caption":"Camino de Santiago a Caballo"},"image":{"@id":"https:\/\/www.caminosantiagoacaballo.com\/fr\/#\/schema\/logo\/image\/"}}]}},"publishpress_future_workflow_manual_trigger":{"enabledWorkflows":[]},"_links":{"self":[{"href":"https:\/\/www.caminosantiagoacaballo.com\/fr\/wp-json\/wp\/v2\/pages\/1175","targetHints":{"allow":["GET"]}}],"collection":[{"href":"https:\/\/www.caminosantiagoacaballo.com\/fr\/wp-json\/wp\/v2\/pages"}],"about":[{"href":"https:\/\/www.caminosantiagoacaballo.com\/fr\/wp-json\/wp\/v2\/types\/page"}],"author":[{"embeddable":true,"href":"https:\/\/www.caminosantiagoacaballo.com\/fr\/wp-json\/wp\/v2\/users\/1"}],"replies":[{"embeddable":true,"href":"https:\/\/www.caminosantiagoacaballo.com\/fr\/wp-json\/wp\/v2\/comments?post=1175"}],"version-history":[{"count":0,"href":"https:\/\/www.caminosantiagoacaballo.com\/fr\/wp-json\/wp\/v2\/pages\/1175\/revisions"}],"wp:attachment":[{"href":"https:\/\/www.caminosantiagoacaballo.com\/fr\/wp-json\/wp\/v2\/media?parent=1175"}],"curies":[{"name":"wp","href":"https:\/\/api.w.org\/{rel}","templated":true}]}}