{"id":7212,"date":"2024-03-15T13:07:30","date_gmt":"2024-03-15T12:07:30","guid":{"rendered":"https:\/\/www.caminosantiagoacaballo.com\/fisterra-road\/"},"modified":"2024-03-15T14:33:58","modified_gmt":"2024-03-15T13:33:58","slug":"fisterra-road","status":"publish","type":"page","link":"https:\/\/www.caminosantiagoacaballo.com\/en\/fisterra-road\/","title":{"rendered":"Fisterra Road"},"content":{"rendered":"\t\t<div data-elementor-type=\"wp-page\" data-elementor-id=\"7212\" class=\"elementor elementor-7212 elementor-7056\" data-elementor-post-type=\"page\">\n\t\t\t\t\t\t<section class=\"elementor-section elementor-top-section elementor-element elementor-element-2746582 elementor-section-boxed elementor-section-height-default elementor-section-height-default\" data-id=\"2746582\" data-element_type=\"section\" data-e-type=\"section\">\n\t\t\t\t\t\t<div class=\"elementor-container elementor-column-gap-default\">\n\t\t\t\t\t<div class=\"elementor-column elementor-col-100 elementor-top-column elementor-element elementor-element-fc26d8f\" data-id=\"fc26d8f\" data-element_type=\"column\" data-e-type=\"column\">\n\t\t\t<div class=\"elementor-widget-wrap elementor-element-populated\">\n\t\t\t\t\t\t<div class=\"elementor-element elementor-element-b6ed467 elementor-widget elementor-widget-text-editor\" data-id=\"b6ed467\" data-element_type=\"widget\" data-e-type=\"widget\" data-widget_type=\"text-editor.default\">\n\t\t\t\t<div class=\"elementor-widget-container\">\n\t\t\t\t\t\t\t\t\t<p><strong>The Fisterra Way is the continuation of all the roads that reach the OBRADOIRO square (Santiago Cathedral).<\/strong> It can be done from Santiago to Fisterra or vice versa, from Fisterra to Santiago.<\/p>\n\t\t\t\t\t\t\t\t<\/div>\n\t\t\t\t<\/div>\n\t\t\t\t<div class=\"elementor-element elementor-element-f2aa2e5 elementor-widget elementor-widget-image\" data-id=\"f2aa2e5\" data-element_type=\"widget\" data-e-type=\"widget\" data-widget_type=\"image.default\">\n\t\t\t\t<div class=\"elementor-widget-container\">\n\t\t\t\t\t\t\t\t\t\t\t\t\t\t\t<img fetchpriority=\"high\" decoding=\"async\" width=\"1200\" height=\"540\" src=\"https:\/\/www.caminosantiagoacaballo.com\/wp-content\/uploads\/2024\/03\/camino-santiago-a-caballo-Camino-Fisterra-4.jpg\" class=\"attachment-full size-full wp-image-7080\" alt=\"Grupo peregrinos a caballo en Fisterra, al fondo se ve el faro de Fisterra\" srcset=\"https:\/\/www.caminosantiagoacaballo.com\/wp-content\/uploads\/2024\/03\/camino-santiago-a-caballo-Camino-Fisterra-4.jpg 1200w, https:\/\/www.caminosantiagoacaballo.com\/wp-content\/uploads\/2024\/03\/camino-santiago-a-caballo-Camino-Fisterra-4-300x135.jpg 300w, https:\/\/www.caminosantiagoacaballo.com\/wp-content\/uploads\/2024\/03\/camino-santiago-a-caballo-Camino-Fisterra-4-1024x461.jpg 1024w, https:\/\/www.caminosantiagoacaballo.com\/wp-content\/uploads\/2024\/03\/camino-santiago-a-caballo-Camino-Fisterra-4-768x346.jpg 768w, https:\/\/www.caminosantiagoacaballo.com\/wp-content\/uploads\/2024\/03\/camino-santiago-a-caballo-Camino-Fisterra-4-600x270.jpg 600w\" sizes=\"(max-width: 1200px) 100vw, 1200px\" \/>\t\t\t\t\t\t\t\t\t\t\t\t\t\t\t<\/div>\n\t\t\t\t<\/div>\n\t\t\t\t<div class=\"elementor-element elementor-element-3aa26e5 elementor-widget elementor-widget-text-editor\" data-id=\"3aa26e5\" data-element_type=\"widget\" data-e-type=\"widget\" data-widget_type=\"text-editor.default\">\n\t\t\t\t<div class=\"elementor-widget-container\">\n\t\t\t\t\t\t\t\t\t<p>Santiago de Compostela is the spiritual goal of pilgrimages but the Costa da Morte also carries a good load of mysticism. <\/p>\n<p>Before the discoveries it was for many the last habitable portion of the world.<\/p>\n<p>Today it is the figurative end, a secluded place where everyone wants to go, like the Celts and Romans, to wait for the sunset and watch the sun go down.<\/p>\n\t\t\t\t\t\t\t\t<\/div>\n\t\t\t\t<\/div>\n\t\t\t\t<div class=\"elementor-element elementor-element-a36714e elementor-widget elementor-widget-image\" data-id=\"a36714e\" data-element_type=\"widget\" data-e-type=\"widget\" data-widget_type=\"image.default\">\n\t\t\t\t<div class=\"elementor-widget-container\">\n\t\t\t\t\t\t\t\t\t\t\t\t\t\t\t<img decoding=\"async\" width=\"844\" height=\"391\" src=\"https:\/\/www.caminosantiagoacaballo.com\/wp-content\/uploads\/2024\/03\/camino-santiago-a-caballo-mapa-Camino-Fisterra.jpg\" class=\"attachment-full size-full wp-image-7123\" alt=\"Mapa del itinerario del camino a caballo con las ciudades de paso y destinos Mux\u00eda, Fisterra y Santiago.\" srcset=\"https:\/\/www.caminosantiagoacaballo.com\/wp-content\/uploads\/2024\/03\/camino-santiago-a-caballo-mapa-Camino-Fisterra.jpg 844w, https:\/\/www.caminosantiagoacaballo.com\/wp-content\/uploads\/2024\/03\/camino-santiago-a-caballo-mapa-Camino-Fisterra-300x139.jpg 300w, https:\/\/www.caminosantiagoacaballo.com\/wp-content\/uploads\/2024\/03\/camino-santiago-a-caballo-mapa-Camino-Fisterra-768x356.jpg 768w, https:\/\/www.caminosantiagoacaballo.com\/wp-content\/uploads\/2024\/03\/camino-santiago-a-caballo-mapa-Camino-Fisterra-600x278.jpg 600w\" sizes=\"(max-width: 844px) 100vw, 844px\" \/>\t\t\t\t\t\t\t\t\t\t\t\t\t\t\t<\/div>\n\t\t\t\t<\/div>\n\t\t\t\t<div class=\"elementor-element elementor-element-fcbb50a elementor-widget elementor-widget-text-editor\" data-id=\"fcbb50a\" data-element_type=\"widget\" data-e-type=\"widget\" data-widget_type=\"text-editor.default\">\n\t\t\t\t<div class=\"elementor-widget-container\">\n\t\t\t\t\t\t\t\t\t<p><strong>The itinerary<\/strong><\/p>\n<p>Nine are the municipalities or Concellos that visit the road, epilogue or prolongation, as we want to call it. <\/p>\n<p>In addition to Santiago itself, the days pass through Ames, Negreira, Mazaricos, Dumbr\u00eda, Cee, Corcubi\u00f3n, Fisterra and Mux\u00eda.<\/p>\n<p>To travel it completely and draw the triangle, i.e., for example, going to Fisterra, then to Mux\u00eda.<\/p>\n\t\t\t\t\t\t\t\t<\/div>\n\t\t\t\t<\/div>\n\t\t\t\t<div class=\"elementor-element elementor-element-f718396 elementor-widget elementor-widget-gallery\" data-id=\"f718396\" data-element_type=\"widget\" data-e-type=\"widget\" data-settings=\"{&quot;columns&quot;:2,&quot;lazyload&quot;:&quot;yes&quot;,&quot;gallery_layout&quot;:&quot;grid&quot;,&quot;columns_tablet&quot;:2,&quot;columns_mobile&quot;:1,&quot;gap&quot;:{&quot;unit&quot;:&quot;px&quot;,&quot;size&quot;:10,&quot;sizes&quot;:[]},&quot;gap_tablet&quot;:{&quot;unit&quot;:&quot;px&quot;,&quot;size&quot;:10,&quot;sizes&quot;:[]},&quot;gap_mobile&quot;:{&quot;unit&quot;:&quot;px&quot;,&quot;size&quot;:10,&quot;sizes&quot;:[]},&quot;link_to&quot;:&quot;file&quot;,&quot;aspect_ratio&quot;:&quot;3:2&quot;,&quot;overlay_background&quot;:&quot;yes&quot;,&quot;content_hover_animation&quot;:&quot;fade-in&quot;}\" data-widget_type=\"gallery.default\">\n\t\t\t\t<div class=\"elementor-widget-container\">\n\t\t\t\t\t\t\t<div class=\"elementor-gallery__container\">\n\t\t\t\t\t\t\t<a class=\"e-gallery-item elementor-gallery-item elementor-animated-content\" href=\"https:\/\/www.caminosantiagoacaballo.com\/wp-content\/uploads\/2024\/03\/camino-santiago-a-caballo-Camino-Fisterra-10.jpg\" data-elementor-open-lightbox=\"yes\" data-elementor-lightbox-slideshow=\"f718396\" data-elementor-lightbox-title=\"camino-santiago-a-caballo-Camino-Fisterra-10\" data-e-action-hash=\"#elementor-action%3Aaction%3Dlightbox%26settings%3DeyJpZCI6NzExNiwidXJsIjoiaHR0cHM6XC9cL3d3dy5jYW1pbm9zYW50aWFnb2FjYWJhbGxvLmNvbVwvd3AtY29udGVudFwvdXBsb2Fkc1wvMjAyNFwvMDNcL2NhbWluby1zYW50aWFnby1hLWNhYmFsbG8tQ2FtaW5vLUZpc3RlcnJhLTEwLmpwZyIsInNsaWRlc2hvdyI6ImY3MTgzOTYifQ%3D%3D\">\n\t\t\t\t\t<div class=\"e-gallery-image elementor-gallery-item__image\" data-thumbnail=\"https:\/\/www.caminosantiagoacaballo.com\/wp-content\/uploads\/2024\/03\/camino-santiago-a-caballo-Camino-Fisterra-10.jpg\" data-width=\"600\" data-height=\"933\" aria-label=\"Grupo de peregrinos paseando a caballo por la playa\n\" role=\"img\" ><\/div>\n\t\t\t\t\t\t\t\t\t\t\t<div class=\"elementor-gallery-item__overlay\"><\/div>\n\t\t\t\t\t\t\t\t\t\t\t\t\t\t<\/a>\n\t\t\t\t\t\t\t<a class=\"e-gallery-item elementor-gallery-item elementor-animated-content\" href=\"https:\/\/www.caminosantiagoacaballo.com\/wp-content\/uploads\/2024\/03\/camino-santiago-a-caballo-Camino-Fisterra-9.jpg\" data-elementor-open-lightbox=\"yes\" data-elementor-lightbox-slideshow=\"f718396\" data-elementor-lightbox-title=\"camino-santiago-a-caballo-Camino-Fisterra-9\" data-e-action-hash=\"#elementor-action%3Aaction%3Dlightbox%26settings%3DeyJpZCI6NzExMiwidXJsIjoiaHR0cHM6XC9cL3d3dy5jYW1pbm9zYW50aWFnb2FjYWJhbGxvLmNvbVwvd3AtY29udGVudFwvdXBsb2Fkc1wvMjAyNFwvMDNcL2NhbWluby1zYW50aWFnby1hLWNhYmFsbG8tQ2FtaW5vLUZpc3RlcnJhLTkuanBnIiwic2xpZGVzaG93IjoiZjcxODM5NiJ9\">\n\t\t\t\t\t<div class=\"e-gallery-image elementor-gallery-item__image\" data-thumbnail=\"https:\/\/www.caminosantiagoacaballo.com\/wp-content\/uploads\/2024\/03\/camino-santiago-a-caballo-Camino-Fisterra-9.jpg\" data-width=\"600\" data-height=\"933\" aria-label=\"Peregrino montando a caballo por la playa\" role=\"img\" ><\/div>\n\t\t\t\t\t\t\t\t\t\t\t<div class=\"elementor-gallery-item__overlay\"><\/div>\n\t\t\t\t\t\t\t\t\t\t\t\t\t\t<\/a>\n\t\t\t\t\t\t\t<a class=\"e-gallery-item elementor-gallery-item elementor-animated-content\" href=\"https:\/\/www.caminosantiagoacaballo.com\/wp-content\/uploads\/2024\/03\/camino-santiago-a-caballo-Camino-Fisterra-6.jpg\" data-elementor-open-lightbox=\"yes\" data-elementor-lightbox-slideshow=\"f718396\" data-elementor-lightbox-title=\"camino-santiago-a-caballo-Camino-Fisterra-6\" data-e-action-hash=\"#elementor-action%3Aaction%3Dlightbox%26settings%3DeyJpZCI6NzEwOCwidXJsIjoiaHR0cHM6XC9cL3d3dy5jYW1pbm9zYW50aWFnb2FjYWJhbGxvLmNvbVwvd3AtY29udGVudFwvdXBsb2Fkc1wvMjAyNFwvMDNcL2NhbWluby1zYW50aWFnby1hLWNhYmFsbG8tQ2FtaW5vLUZpc3RlcnJhLTYuanBnIiwic2xpZGVzaG93IjoiZjcxODM5NiJ9\">\n\t\t\t\t\t<div class=\"e-gallery-image elementor-gallery-item__image\" data-thumbnail=\"https:\/\/www.caminosantiagoacaballo.com\/wp-content\/uploads\/2024\/03\/camino-santiago-a-caballo-Camino-Fisterra-6.jpg\" data-width=\"600\" data-height=\"933\" aria-label=\"Plano subjetivo de una persona montando a caballo en un lugar con c\u00e9sped y mesas para descansar\" role=\"img\" ><\/div>\n\t\t\t\t\t\t\t\t\t\t\t<div class=\"elementor-gallery-item__overlay\"><\/div>\n\t\t\t\t\t\t\t\t\t\t\t\t\t\t<\/a>\n\t\t\t\t\t\t\t<a class=\"e-gallery-item elementor-gallery-item elementor-animated-content\" href=\"https:\/\/www.caminosantiagoacaballo.com\/wp-content\/uploads\/2024\/03\/camino-santiago-a-caballo-Camino-Fisterra-1.jpg\" data-elementor-open-lightbox=\"yes\" data-elementor-lightbox-slideshow=\"f718396\" data-elementor-lightbox-title=\"camino-santiago-a-caballo-Camino-Fisterra-1\" data-e-action-hash=\"#elementor-action%3Aaction%3Dlightbox%26settings%3DeyJpZCI6NzEwNCwidXJsIjoiaHR0cHM6XC9cL3d3dy5jYW1pbm9zYW50aWFnb2FjYWJhbGxvLmNvbVwvd3AtY29udGVudFwvdXBsb2Fkc1wvMjAyNFwvMDNcL2NhbWluby1zYW50aWFnby1hLWNhYmFsbG8tQ2FtaW5vLUZpc3RlcnJhLTEuanBnIiwic2xpZGVzaG93IjoiZjcxODM5NiJ9\">\n\t\t\t\t\t<div class=\"e-gallery-image elementor-gallery-item__image\" data-thumbnail=\"https:\/\/www.caminosantiagoacaballo.com\/wp-content\/uploads\/2024\/03\/camino-santiago-a-caballo-Camino-Fisterra-1.jpg\" data-width=\"600\" data-height=\"933\" aria-label=\"Tres peregrinos montando a caballo por el campo durante el Camino a Fisterra\" role=\"img\" ><\/div>\n\t\t\t\t\t\t\t\t\t\t\t<div class=\"elementor-gallery-item__overlay\"><\/div>\n\t\t\t\t\t\t\t\t\t\t\t\t\t\t<\/a>\n\t\t\t\t\t\t\t<a class=\"e-gallery-item elementor-gallery-item elementor-animated-content\" href=\"https:\/\/www.caminosantiagoacaballo.com\/wp-content\/uploads\/2024\/03\/camino-santiago-a-caballo-Camino-Fisterra-2.jpg\" data-elementor-open-lightbox=\"yes\" data-elementor-lightbox-slideshow=\"f718396\" data-elementor-lightbox-title=\"camino-santiago-a-caballo-Camino-Fisterra-2\" data-e-action-hash=\"#elementor-action%3Aaction%3Dlightbox%26settings%3DeyJpZCI6NzA3MiwidXJsIjoiaHR0cHM6XC9cL3d3dy5jYW1pbm9zYW50aWFnb2FjYWJhbGxvLmNvbVwvd3AtY29udGVudFwvdXBsb2Fkc1wvMjAyNFwvMDNcL2NhbWluby1zYW50aWFnby1hLWNhYmFsbG8tQ2FtaW5vLUZpc3RlcnJhLTIuanBnIiwic2xpZGVzaG93IjoiZjcxODM5NiJ9\">\n\t\t\t\t\t<div class=\"e-gallery-image elementor-gallery-item__image\" data-thumbnail=\"https:\/\/www.caminosantiagoacaballo.com\/wp-content\/uploads\/2024\/03\/camino-santiago-a-caballo-Camino-Fisterra-2-768x346.jpg\" data-width=\"768\" data-height=\"346\" aria-label=\"Vistas del anochecer en el mar en el Camino Fisterra\" role=\"img\" ><\/div>\n\t\t\t\t\t\t\t\t\t\t\t<div class=\"elementor-gallery-item__overlay\"><\/div>\n\t\t\t\t\t\t\t\t\t\t\t\t\t\t<\/a>\n\t\t\t\t\t\t\t<a class=\"e-gallery-item elementor-gallery-item elementor-animated-content\" href=\"https:\/\/www.caminosantiagoacaballo.com\/wp-content\/uploads\/2024\/03\/camino-santiago-a-caballo-Camino-Fisterra-15.jpg\" data-elementor-open-lightbox=\"yes\" data-elementor-lightbox-slideshow=\"f718396\" data-elementor-lightbox-title=\"camino-santiago-a-caballo-Camino-Fisterra-15\" data-e-action-hash=\"#elementor-action%3Aaction%3Dlightbox%26settings%3DeyJpZCI6NzA2OCwidXJsIjoiaHR0cHM6XC9cL3d3dy5jYW1pbm9zYW50aWFnb2FjYWJhbGxvLmNvbVwvd3AtY29udGVudFwvdXBsb2Fkc1wvMjAyNFwvMDNcL2NhbWluby1zYW50aWFnby1hLWNhYmFsbG8tQ2FtaW5vLUZpc3RlcnJhLTE1LmpwZyIsInNsaWRlc2hvdyI6ImY3MTgzOTYifQ%3D%3D\">\n\t\t\t\t\t<div class=\"e-gallery-image elementor-gallery-item__image\" data-thumbnail=\"https:\/\/www.caminosantiagoacaballo.com\/wp-content\/uploads\/2024\/03\/camino-santiago-a-caballo-Camino-Fisterra-15.jpg\" data-width=\"600\" data-height=\"933\" aria-label=\"Grupo de peregrinos montando a caballo en Fisterra, al fondo se ve el faro de Fisterra\n\" role=\"img\" ><\/div>\n\t\t\t\t\t\t\t\t\t\t\t<div class=\"elementor-gallery-item__overlay\"><\/div>\n\t\t\t\t\t\t\t\t\t\t\t\t\t\t<\/a>\n\t\t\t\t\t\t\t<a class=\"e-gallery-item elementor-gallery-item elementor-animated-content\" href=\"https:\/\/www.caminosantiagoacaballo.com\/wp-content\/uploads\/2024\/03\/camino-santiago-a-caballo-Camino-Fisterra-13.jpg\" data-elementor-open-lightbox=\"yes\" data-elementor-lightbox-slideshow=\"f718396\" data-elementor-lightbox-title=\"camino-santiago-a-caballo-Camino-Fisterra-13\" data-e-action-hash=\"#elementor-action%3Aaction%3Dlightbox%26settings%3DeyJpZCI6NzA2NCwidXJsIjoiaHR0cHM6XC9cL3d3dy5jYW1pbm9zYW50aWFnb2FjYWJhbGxvLmNvbVwvd3AtY29udGVudFwvdXBsb2Fkc1wvMjAyNFwvMDNcL2NhbWluby1zYW50aWFnby1hLWNhYmFsbG8tQ2FtaW5vLUZpc3RlcnJhLTEzLmpwZyIsInNsaWRlc2hvdyI6ImY3MTgzOTYifQ%3D%3D\">\n\t\t\t\t\t<div class=\"e-gallery-image elementor-gallery-item__image\" data-thumbnail=\"https:\/\/www.caminosantiagoacaballo.com\/wp-content\/uploads\/2024\/03\/camino-santiago-a-caballo-Camino-Fisterra-13.jpg\" data-width=\"600\" data-height=\"933\" aria-label=\"Diploma que acredita la llegada a Costa da Morte \n\" role=\"img\" ><\/div>\n\t\t\t\t\t\t\t\t\t\t\t<div class=\"elementor-gallery-item__overlay\"><\/div>\n\t\t\t\t\t\t\t\t\t\t\t\t\t\t<\/a>\n\t\t\t\t\t\t\t<a class=\"e-gallery-item elementor-gallery-item elementor-animated-content\" href=\"https:\/\/www.caminosantiagoacaballo.com\/wp-content\/uploads\/2024\/03\/camino-santiago-a-caballo-Camino-Fisterra-11.jpg\" data-elementor-open-lightbox=\"yes\" data-elementor-lightbox-slideshow=\"f718396\" data-elementor-lightbox-title=\"camino-santiago-a-caballo-Camino-Fisterra-11\" data-e-action-hash=\"#elementor-action%3Aaction%3Dlightbox%26settings%3DeyJpZCI6NzA2MCwidXJsIjoiaHR0cHM6XC9cL3d3dy5jYW1pbm9zYW50aWFnb2FjYWJhbGxvLmNvbVwvd3AtY29udGVudFwvdXBsb2Fkc1wvMjAyNFwvMDNcL2NhbWluby1zYW50aWFnby1hLWNhYmFsbG8tQ2FtaW5vLUZpc3RlcnJhLTExLmpwZyIsInNsaWRlc2hvdyI6ImY3MTgzOTYifQ%3D%3D\">\n\t\t\t\t\t<div class=\"e-gallery-image elementor-gallery-item__image\" data-thumbnail=\"https:\/\/www.caminosantiagoacaballo.com\/wp-content\/uploads\/2024\/03\/camino-santiago-a-caballo-Camino-Fisterra-11.jpg\" data-width=\"600\" data-height=\"933\" aria-label=\"Plano subjetivo de una persona montando a caballo por una senda cerca del mar.\n\" role=\"img\" ><\/div>\n\t\t\t\t\t\t\t\t\t\t\t<div class=\"elementor-gallery-item__overlay\"><\/div>\n\t\t\t\t\t\t\t\t\t\t\t\t\t\t<\/a>\n\t\t\t\t\t\t\t<a class=\"e-gallery-item elementor-gallery-item elementor-animated-content\" href=\"https:\/\/www.caminosantiagoacaballo.com\/wp-content\/uploads\/2024\/03\/camino-santiago-a-caballo-Camino-Fisterra-14.jpg\" data-elementor-open-lightbox=\"yes\" data-elementor-lightbox-slideshow=\"f718396\" data-elementor-lightbox-title=\"camino-santiago-a-caballo-Camino-Fisterra-14\" data-e-action-hash=\"#elementor-action%3Aaction%3Dlightbox%26settings%3DeyJpZCI6NzEwMCwidXJsIjoiaHR0cHM6XC9cL3d3dy5jYW1pbm9zYW50aWFnb2FjYWJhbGxvLmNvbVwvd3AtY29udGVudFwvdXBsb2Fkc1wvMjAyNFwvMDNcL2NhbWluby1zYW50aWFnby1hLWNhYmFsbG8tQ2FtaW5vLUZpc3RlcnJhLTE0LmpwZyIsInNsaWRlc2hvdyI6ImY3MTgzOTYifQ%3D%3D\">\n\t\t\t\t\t<div class=\"e-gallery-image elementor-gallery-item__image\" data-thumbnail=\"https:\/\/www.caminosantiagoacaballo.com\/wp-content\/uploads\/2024\/03\/camino-santiago-a-caballo-Camino-Fisterra-14-768x346.jpg\" data-width=\"768\" data-height=\"346\" aria-label=\"Peregrina montando a caballo cerca del mar en un d\u00eda soleado durante el Camino Fisterra\" role=\"img\" ><\/div>\n\t\t\t\t\t\t\t\t\t\t\t<div class=\"elementor-gallery-item__overlay\"><\/div>\n\t\t\t\t\t\t\t\t\t\t\t\t\t\t<\/a>\n\t\t\t\t\t\t\t<a class=\"e-gallery-item elementor-gallery-item elementor-animated-content\" href=\"https:\/\/www.caminosantiagoacaballo.com\/wp-content\/uploads\/2024\/03\/camino-santiago-a-caballo-Camino-Fisterra-12.jpg\" data-elementor-open-lightbox=\"yes\" data-elementor-lightbox-slideshow=\"f718396\" data-elementor-lightbox-title=\"camino-santiago-a-caballo-Camino-Fisterra-12\" data-e-action-hash=\"#elementor-action%3Aaction%3Dlightbox%26settings%3DeyJpZCI6NzA5NiwidXJsIjoiaHR0cHM6XC9cL3d3dy5jYW1pbm9zYW50aWFnb2FjYWJhbGxvLmNvbVwvd3AtY29udGVudFwvdXBsb2Fkc1wvMjAyNFwvMDNcL2NhbWluby1zYW50aWFnby1hLWNhYmFsbG8tQ2FtaW5vLUZpc3RlcnJhLTEyLmpwZyIsInNsaWRlc2hvdyI6ImY3MTgzOTYifQ%3D%3D\">\n\t\t\t\t\t<div class=\"e-gallery-image elementor-gallery-item__image\" data-thumbnail=\"https:\/\/www.caminosantiagoacaballo.com\/wp-content\/uploads\/2024\/03\/camino-santiago-a-caballo-Camino-Fisterra-12-768x346.jpg\" data-width=\"768\" data-height=\"346\" aria-label=\"Vistas del anochecer en el mar en el Camino Fisterra\" role=\"img\" ><\/div>\n\t\t\t\t\t\t\t\t\t\t\t<div class=\"elementor-gallery-item__overlay\"><\/div>\n\t\t\t\t\t\t\t\t\t\t\t\t\t\t<\/a>\n\t\t\t\t\t\t\t<a class=\"e-gallery-item elementor-gallery-item elementor-animated-content\" href=\"https:\/\/www.caminosantiagoacaballo.com\/wp-content\/uploads\/2024\/03\/camino-santiago-a-caballo-Camino-Fisterra-8.jpg\" data-elementor-open-lightbox=\"yes\" data-elementor-lightbox-slideshow=\"f718396\" data-elementor-lightbox-title=\"camino-santiago-a-caballo-Camino-Fisterra-8\" data-e-action-hash=\"#elementor-action%3Aaction%3Dlightbox%26settings%3DeyJpZCI6NzA5MiwidXJsIjoiaHR0cHM6XC9cL3d3dy5jYW1pbm9zYW50aWFnb2FjYWJhbGxvLmNvbVwvd3AtY29udGVudFwvdXBsb2Fkc1wvMjAyNFwvMDNcL2NhbWluby1zYW50aWFnby1hLWNhYmFsbG8tQ2FtaW5vLUZpc3RlcnJhLTguanBnIiwic2xpZGVzaG93IjoiZjcxODM5NiJ9\">\n\t\t\t\t\t<div class=\"e-gallery-image elementor-gallery-item__image\" data-thumbnail=\"https:\/\/www.caminosantiagoacaballo.com\/wp-content\/uploads\/2024\/03\/camino-santiago-a-caballo-Camino-Fisterra-8-768x346.jpg\" data-width=\"768\" data-height=\"346\" aria-label=\"Grupo de peregrinos montados a caballo en la orilla de la playa\" role=\"img\" ><\/div>\n\t\t\t\t\t\t\t\t\t\t\t<div class=\"elementor-gallery-item__overlay\"><\/div>\n\t\t\t\t\t\t\t\t\t\t\t\t\t\t<\/a>\n\t\t\t\t\t\t\t<a class=\"e-gallery-item elementor-gallery-item elementor-animated-content\" href=\"https:\/\/www.caminosantiagoacaballo.com\/wp-content\/uploads\/2024\/03\/camino-santiago-a-caballo-Camino-Fisterra-7.jpg\" data-elementor-open-lightbox=\"yes\" data-elementor-lightbox-slideshow=\"f718396\" data-elementor-lightbox-title=\"camino-santiago-a-caballo-Camino-Fisterra-7\" data-e-action-hash=\"#elementor-action%3Aaction%3Dlightbox%26settings%3DeyJpZCI6NzA4OCwidXJsIjoiaHR0cHM6XC9cL3d3dy5jYW1pbm9zYW50aWFnb2FjYWJhbGxvLmNvbVwvd3AtY29udGVudFwvdXBsb2Fkc1wvMjAyNFwvMDNcL2NhbWluby1zYW50aWFnby1hLWNhYmFsbG8tQ2FtaW5vLUZpc3RlcnJhLTcuanBnIiwic2xpZGVzaG93IjoiZjcxODM5NiJ9\">\n\t\t\t\t\t<div class=\"e-gallery-image elementor-gallery-item__image\" data-thumbnail=\"https:\/\/www.caminosantiagoacaballo.com\/wp-content\/uploads\/2024\/03\/camino-santiago-a-caballo-Camino-Fisterra-7-768x346.jpg\" data-width=\"768\" data-height=\"346\" aria-label=\"Grupo de Peregrinos posando a c\u00e1mara montados a caballo en la orilla de la playa en un descanso del Camino Fisterra\" role=\"img\" ><\/div>\n\t\t\t\t\t\t\t\t\t\t\t<div class=\"elementor-gallery-item__overlay\"><\/div>\n\t\t\t\t\t\t\t\t\t\t\t\t\t\t<\/a>\n\t\t\t\t\t\t\t<a class=\"e-gallery-item elementor-gallery-item elementor-animated-content\" href=\"https:\/\/www.caminosantiagoacaballo.com\/wp-content\/uploads\/2024\/03\/camino-santiago-a-caballo-Camino-Fisterra-5.jpg\" data-elementor-open-lightbox=\"yes\" data-elementor-lightbox-slideshow=\"f718396\" data-elementor-lightbox-title=\"camino-santiago-a-caballo-Camino-Fisterra-5\" data-e-action-hash=\"#elementor-action%3Aaction%3Dlightbox%26settings%3DeyJpZCI6NzA4NCwidXJsIjoiaHR0cHM6XC9cL3d3dy5jYW1pbm9zYW50aWFnb2FjYWJhbGxvLmNvbVwvd3AtY29udGVudFwvdXBsb2Fkc1wvMjAyNFwvMDNcL2NhbWluby1zYW50aWFnby1hLWNhYmFsbG8tQ2FtaW5vLUZpc3RlcnJhLTUuanBnIiwic2xpZGVzaG93IjoiZjcxODM5NiJ9\">\n\t\t\t\t\t<div class=\"e-gallery-image elementor-gallery-item__image\" data-thumbnail=\"https:\/\/www.caminosantiagoacaballo.com\/wp-content\/uploads\/2024\/03\/camino-santiago-a-caballo-Camino-Fisterra-5-768x346.jpg\" data-width=\"768\" data-height=\"346\" aria-label=\"Peregrinos a caballo frente en el faro de Fisterra\" role=\"img\" ><\/div>\n\t\t\t\t\t\t\t\t\t\t\t<div class=\"elementor-gallery-item__overlay\"><\/div>\n\t\t\t\t\t\t\t\t\t\t\t\t\t\t<\/a>\n\t\t\t\t\t\t\t<a class=\"e-gallery-item elementor-gallery-item elementor-animated-content\" href=\"https:\/\/www.caminosantiagoacaballo.com\/wp-content\/uploads\/2024\/03\/camino-santiago-a-caballo-Camino-Fisterra-3.jpg\" data-elementor-open-lightbox=\"yes\" data-elementor-lightbox-slideshow=\"f718396\" data-elementor-lightbox-title=\"camino-santiago-a-caballo-Camino-Fisterra-3\" data-e-action-hash=\"#elementor-action%3Aaction%3Dlightbox%26settings%3DeyJpZCI6NzA3NiwidXJsIjoiaHR0cHM6XC9cL3d3dy5jYW1pbm9zYW50aWFnb2FjYWJhbGxvLmNvbVwvd3AtY29udGVudFwvdXBsb2Fkc1wvMjAyNFwvMDNcL2NhbWluby1zYW50aWFnby1hLWNhYmFsbG8tQ2FtaW5vLUZpc3RlcnJhLTMuanBnIiwic2xpZGVzaG93IjoiZjcxODM5NiJ9\">\n\t\t\t\t\t<div class=\"e-gallery-image elementor-gallery-item__image\" data-thumbnail=\"https:\/\/www.caminosantiagoacaballo.com\/wp-content\/uploads\/2024\/03\/camino-santiago-a-caballo-Camino-Fisterra-3-768x346.jpg\" data-width=\"768\" data-height=\"346\" aria-label=\"Vistas del mar desde el paseo a caballo\n\" role=\"img\" ><\/div>\n\t\t\t\t\t\t\t\t\t\t\t<div class=\"elementor-gallery-item__overlay\"><\/div>\n\t\t\t\t\t\t\t\t\t\t\t\t\t\t<\/a>\n\t\t\t\t\t<\/div>\n\t\t\t\t\t<\/div>\n\t\t\t\t<\/div>\n\t\t\t\t\t<\/div>\n\t\t<\/div>\n\t\t\t\t\t<\/div>\n\t\t<\/section>\n\t\t\t\t<\/div>\n\t\t","protected":false},"excerpt":{"rendered":"<p>The Fisterra Way is the continuation of all the roads that reach the OBRADOIRO square (Santiago Cathedral). It can be done from Santiago to Fisterra or vice versa, from Fisterra to Santiago. Santiago de Compostela is the spiritual goal of pilgrimages but the Costa da Morte also carries a good load of mysticism. Before the [&hellip;]<\/p>\n","protected":false},"author":1,"featured_media":7076,"parent":0,"menu_order":0,"comment_status":"closed","ping_status":"closed","template":"","meta":{"_joinchat":[],"footnotes":""},"class_list":["post-7212","page","type-page","status-publish","has-post-thumbnail","hentry"],"yoast_head":"<!-- This site is optimized with the Yoast SEO plugin v26.9 - https:\/\/yoast.com\/product\/yoast-seo-wordpress\/ -->\n<title>Fisterra Road - Camino de Santiago a Caballo% Camino de Santiago a Caballo Camino de Santiago a Caballo%.<\/title>\n<meta name=\"description\" content=\"Discover the Camino de Fisterra, a mystical journey from Santiago to the Costa da Morte. Immerse yourself in the history and mysticism of a figurative end of the world. Explore its villages and witness the sunset!\" \/>\n<meta name=\"robots\" content=\"index, follow, max-snippet:-1, max-image-preview:large, max-video-preview:-1\" \/>\n<link rel=\"canonical\" href=\"https:\/\/www.caminosantiagoacaballo.com\/en\/fisterra-road\/\" \/>\n<meta property=\"og:locale\" content=\"en_US\" \/>\n<meta property=\"og:type\" content=\"article\" \/>\n<meta property=\"og:title\" content=\"Fisterra Road - Camino de Santiago a Caballo% Camino de Santiago a Caballo Camino de Santiago a Caballo%.\" \/>\n<meta property=\"og:description\" content=\"Discover the Camino de Fisterra, a mystical journey from Santiago to the Costa da Morte. Immerse yourself in the history and mysticism of a figurative end of the world. Explore its villages and witness the sunset!\" \/>\n<meta property=\"og:url\" content=\"https:\/\/www.caminosantiagoacaballo.com\/en\/fisterra-road\/\" \/>\n<meta property=\"og:site_name\" content=\"Camino de Santiago a Caballo\" \/>\n<meta property=\"article:modified_time\" content=\"2024-03-15T13:33:58+00:00\" \/>\n<meta property=\"og:image\" content=\"https:\/\/www.caminosantiagoacaballo.com\/wp-content\/uploads\/2024\/03\/camino-santiago-a-caballo-Camino-Fisterra-3.jpg\" \/>\n\t<meta property=\"og:image:width\" content=\"1200\" \/>\n\t<meta property=\"og:image:height\" content=\"540\" \/>\n\t<meta property=\"og:image:type\" content=\"image\/jpeg\" \/>\n<meta name=\"twitter:card\" content=\"summary_large_image\" \/>\n<script type=\"application\/ld+json\" class=\"yoast-schema-graph\">{\"@context\":\"https:\/\/schema.org\",\"@graph\":[{\"@type\":\"WebPage\",\"@id\":\"https:\/\/www.caminosantiagoacaballo.com\/en\/fisterra-road\/\",\"url\":\"https:\/\/www.caminosantiagoacaballo.com\/en\/fisterra-road\/\",\"name\":\"Fisterra Road - Camino de Santiago a Caballo% Camino de Santiago a Caballo Camino de Santiago a Caballo%.\",\"isPartOf\":{\"@id\":\"https:\/\/www.caminosantiagoacaballo.com\/en\/#website\"},\"primaryImageOfPage\":{\"@id\":\"https:\/\/www.caminosantiagoacaballo.com\/en\/fisterra-road\/#primaryimage\"},\"image\":{\"@id\":\"https:\/\/www.caminosantiagoacaballo.com\/en\/fisterra-road\/#primaryimage\"},\"thumbnailUrl\":\"https:\/\/www.caminosantiagoacaballo.com\/wp-content\/uploads\/2024\/03\/camino-santiago-a-caballo-Camino-Fisterra-3.jpg\",\"datePublished\":\"2024-03-15T12:07:30+00:00\",\"dateModified\":\"2024-03-15T13:33:58+00:00\",\"description\":\"Discover the Camino de Fisterra, a mystical journey from Santiago to the Costa da Morte. Immerse yourself in the history and mysticism of a figurative end of the world. Explore its villages and witness the sunset!\",\"breadcrumb\":{\"@id\":\"https:\/\/www.caminosantiagoacaballo.com\/en\/fisterra-road\/#breadcrumb\"},\"inLanguage\":\"en-US\",\"potentialAction\":[{\"@type\":\"ReadAction\",\"target\":[\"https:\/\/www.caminosantiagoacaballo.com\/en\/fisterra-road\/\"]}]},{\"@type\":\"ImageObject\",\"inLanguage\":\"en-US\",\"@id\":\"https:\/\/www.caminosantiagoacaballo.com\/en\/fisterra-road\/#primaryimage\",\"url\":\"https:\/\/www.caminosantiagoacaballo.com\/wp-content\/uploads\/2024\/03\/camino-santiago-a-caballo-Camino-Fisterra-3.jpg\",\"contentUrl\":\"https:\/\/www.caminosantiagoacaballo.com\/wp-content\/uploads\/2024\/03\/camino-santiago-a-caballo-Camino-Fisterra-3.jpg\",\"width\":1200,\"height\":540,\"caption\":\"Vistas del mar desde el paseo a caballo\"},{\"@type\":\"BreadcrumbList\",\"@id\":\"https:\/\/www.caminosantiagoacaballo.com\/en\/fisterra-road\/#breadcrumb\",\"itemListElement\":[{\"@type\":\"ListItem\",\"position\":1,\"name\":\"Portada\",\"item\":\"https:\/\/www.caminosantiagoacaballo.com\/en\/\"},{\"@type\":\"ListItem\",\"position\":2,\"name\":\"Fisterra Road\"}]},{\"@type\":\"WebSite\",\"@id\":\"https:\/\/www.caminosantiagoacaballo.com\/en\/#website\",\"url\":\"https:\/\/www.caminosantiagoacaballo.com\/en\/\",\"name\":\"Camino de Santiago a Caballo\",\"description\":\"Realiza el Camino de Santiago con la mayor seguridad y comodidad a caballo\",\"publisher\":{\"@id\":\"https:\/\/www.caminosantiagoacaballo.com\/en\/#organization\"},\"potentialAction\":[{\"@type\":\"SearchAction\",\"target\":{\"@type\":\"EntryPoint\",\"urlTemplate\":\"https:\/\/www.caminosantiagoacaballo.com\/en\/?s={search_term_string}\"},\"query-input\":{\"@type\":\"PropertyValueSpecification\",\"valueRequired\":true,\"valueName\":\"search_term_string\"}}],\"inLanguage\":\"en-US\"},{\"@type\":\"Organization\",\"@id\":\"https:\/\/www.caminosantiagoacaballo.com\/en\/#organization\",\"name\":\"Camino de Santiago a Caballo\",\"url\":\"https:\/\/www.caminosantiagoacaballo.com\/en\/\",\"logo\":{\"@type\":\"ImageObject\",\"inLanguage\":\"en-US\",\"@id\":\"https:\/\/www.caminosantiagoacaballo.com\/en\/#\/schema\/logo\/image\/\",\"url\":\"https:\/\/www.caminosantiagoacaballo.com\/wp-content\/uploads\/2022\/09\/camino-santiago-a-caballo-logo.jpg\",\"contentUrl\":\"https:\/\/www.caminosantiagoacaballo.com\/wp-content\/uploads\/2022\/09\/camino-santiago-a-caballo-logo.jpg\",\"width\":199,\"height\":180,\"caption\":\"Camino de Santiago a Caballo\"},\"image\":{\"@id\":\"https:\/\/www.caminosantiagoacaballo.com\/en\/#\/schema\/logo\/image\/\"}}]}<\/script>\n<!-- \/ Yoast SEO plugin. -->","yoast_head_json":{"title":"Fisterra Road - Camino de Santiago a Caballo% Camino de Santiago a Caballo Camino de Santiago a Caballo%.","description":"Discover the Camino de Fisterra, a mystical journey from Santiago to the Costa da Morte. Immerse yourself in the history and mysticism of a figurative end of the world. Explore its villages and witness the sunset!","robots":{"index":"index","follow":"follow","max-snippet":"max-snippet:-1","max-image-preview":"max-image-preview:large","max-video-preview":"max-video-preview:-1"},"canonical":"https:\/\/www.caminosantiagoacaballo.com\/en\/fisterra-road\/","og_locale":"en_US","og_type":"article","og_title":"Fisterra Road - Camino de Santiago a Caballo% Camino de Santiago a Caballo Camino de Santiago a Caballo%.","og_description":"Discover the Camino de Fisterra, a mystical journey from Santiago to the Costa da Morte. Immerse yourself in the history and mysticism of a figurative end of the world. Explore its villages and witness the sunset!","og_url":"https:\/\/www.caminosantiagoacaballo.com\/en\/fisterra-road\/","og_site_name":"Camino de Santiago a Caballo","article_modified_time":"2024-03-15T13:33:58+00:00","og_image":[{"width":1200,"height":540,"url":"https:\/\/www.caminosantiagoacaballo.com\/wp-content\/uploads\/2024\/03\/camino-santiago-a-caballo-Camino-Fisterra-3.jpg","type":"image\/jpeg"}],"twitter_card":"summary_large_image","schema":{"@context":"https:\/\/schema.org","@graph":[{"@type":"WebPage","@id":"https:\/\/www.caminosantiagoacaballo.com\/en\/fisterra-road\/","url":"https:\/\/www.caminosantiagoacaballo.com\/en\/fisterra-road\/","name":"Fisterra Road - Camino de Santiago a Caballo% Camino de Santiago a Caballo Camino de Santiago a Caballo%.","isPartOf":{"@id":"https:\/\/www.caminosantiagoacaballo.com\/en\/#website"},"primaryImageOfPage":{"@id":"https:\/\/www.caminosantiagoacaballo.com\/en\/fisterra-road\/#primaryimage"},"image":{"@id":"https:\/\/www.caminosantiagoacaballo.com\/en\/fisterra-road\/#primaryimage"},"thumbnailUrl":"https:\/\/www.caminosantiagoacaballo.com\/wp-content\/uploads\/2024\/03\/camino-santiago-a-caballo-Camino-Fisterra-3.jpg","datePublished":"2024-03-15T12:07:30+00:00","dateModified":"2024-03-15T13:33:58+00:00","description":"Discover the Camino de Fisterra, a mystical journey from Santiago to the Costa da Morte. Immerse yourself in the history and mysticism of a figurative end of the world. Explore its villages and witness the sunset!","breadcrumb":{"@id":"https:\/\/www.caminosantiagoacaballo.com\/en\/fisterra-road\/#breadcrumb"},"inLanguage":"en-US","potentialAction":[{"@type":"ReadAction","target":["https:\/\/www.caminosantiagoacaballo.com\/en\/fisterra-road\/"]}]},{"@type":"ImageObject","inLanguage":"en-US","@id":"https:\/\/www.caminosantiagoacaballo.com\/en\/fisterra-road\/#primaryimage","url":"https:\/\/www.caminosantiagoacaballo.com\/wp-content\/uploads\/2024\/03\/camino-santiago-a-caballo-Camino-Fisterra-3.jpg","contentUrl":"https:\/\/www.caminosantiagoacaballo.com\/wp-content\/uploads\/2024\/03\/camino-santiago-a-caballo-Camino-Fisterra-3.jpg","width":1200,"height":540,"caption":"Vistas del mar desde el paseo a caballo"},{"@type":"BreadcrumbList","@id":"https:\/\/www.caminosantiagoacaballo.com\/en\/fisterra-road\/#breadcrumb","itemListElement":[{"@type":"ListItem","position":1,"name":"Portada","item":"https:\/\/www.caminosantiagoacaballo.com\/en\/"},{"@type":"ListItem","position":2,"name":"Fisterra Road"}]},{"@type":"WebSite","@id":"https:\/\/www.caminosantiagoacaballo.com\/en\/#website","url":"https:\/\/www.caminosantiagoacaballo.com\/en\/","name":"Camino de Santiago a Caballo","description":"Realiza el Camino de Santiago con la mayor seguridad y comodidad a caballo","publisher":{"@id":"https:\/\/www.caminosantiagoacaballo.com\/en\/#organization"},"potentialAction":[{"@type":"SearchAction","target":{"@type":"EntryPoint","urlTemplate":"https:\/\/www.caminosantiagoacaballo.com\/en\/?s={search_term_string}"},"query-input":{"@type":"PropertyValueSpecification","valueRequired":true,"valueName":"search_term_string"}}],"inLanguage":"en-US"},{"@type":"Organization","@id":"https:\/\/www.caminosantiagoacaballo.com\/en\/#organization","name":"Camino de Santiago a Caballo","url":"https:\/\/www.caminosantiagoacaballo.com\/en\/","logo":{"@type":"ImageObject","inLanguage":"en-US","@id":"https:\/\/www.caminosantiagoacaballo.com\/en\/#\/schema\/logo\/image\/","url":"https:\/\/www.caminosantiagoacaballo.com\/wp-content\/uploads\/2022\/09\/camino-santiago-a-caballo-logo.jpg","contentUrl":"https:\/\/www.caminosantiagoacaballo.com\/wp-content\/uploads\/2022\/09\/camino-santiago-a-caballo-logo.jpg","width":199,"height":180,"caption":"Camino de Santiago a Caballo"},"image":{"@id":"https:\/\/www.caminosantiagoacaballo.com\/en\/#\/schema\/logo\/image\/"}}]}},"publishpress_future_workflow_manual_trigger":{"enabledWorkflows":[]},"_links":{"self":[{"href":"https:\/\/www.caminosantiagoacaballo.com\/en\/wp-json\/wp\/v2\/pages\/7212","targetHints":{"allow":["GET"]}}],"collection":[{"href":"https:\/\/www.caminosantiagoacaballo.com\/en\/wp-json\/wp\/v2\/pages"}],"about":[{"href":"https:\/\/www.caminosantiagoacaballo.com\/en\/wp-json\/wp\/v2\/types\/page"}],"author":[{"embeddable":true,"href":"https:\/\/www.caminosantiagoacaballo.com\/en\/wp-json\/wp\/v2\/users\/1"}],"replies":[{"embeddable":true,"href":"https:\/\/www.caminosantiagoacaballo.com\/en\/wp-json\/wp\/v2\/comments?post=7212"}],"version-history":[{"count":0,"href":"https:\/\/www.caminosantiagoacaballo.com\/en\/wp-json\/wp\/v2\/pages\/7212\/revisions"}],"wp:featuredmedia":[{"embeddable":true,"href":"https:\/\/www.caminosantiagoacaballo.com\/en\/wp-json\/wp\/v2\/media\/7076"}],"wp:attachment":[{"href":"https:\/\/www.caminosantiagoacaballo.com\/en\/wp-json\/wp\/v2\/media?parent=7212"}],"curies":[{"name":"wp","href":"https:\/\/api.w.org\/{rel}","templated":true}]}}